{"id":394,"date":"2025-12-13T09:55:38","date_gmt":"2025-12-13T08:55:38","guid":{"rendered":"https:\/\/ferrara.foxcom.dev\/fest\/?post_type=projekte&#038;p=394"},"modified":"2026-02-06T08:38:12","modified_gmt":"2026-02-06T07:38:12","slug":"neubau-2-mehrfamilienhaeuser-am-waldeckweg-2931-4102-binningen","status":"publish","type":"projekte","link":"https:\/\/ferrara.foxcom.dev\/fest\/projekte\/neubau-2-mehrfamilienhaeuser-am-waldeckweg-2931-4102-binningen\/","title":{"rendered":"Neubau 2 Mehrfamilienh\u00e4user am Waldeckweg 29+31, 4102 Binningen"},"template":"","meta":{"_acf_changed":false,"inline_featured_image":false,"_links_to":"","_links_to_target":""},"epochen":[69],"pstatus":[3],"typen":[34,30,5],"class_list":["post-394","projekte","type-projekte","status-publish","hentry","epochen-69","pstatus-fertiggestellt","typen-neubau-mehrfamilienhaus","typen-wohnen","typen-neubau"],"acf":{"project-ov-img":518,"project-images":[540,532,536,526,546],"project-desc":"<strong>Neubau 2 Mehrfamilienh\u00e4user mit 11 modernen Eigentumswohnungen am Waldrand<\/strong>\r\n\r\nBeide Mehrfamilienh\u00e4user \u2013 Waldeckweg 29 mit sechs Wohneinheiten, Waldeckweg 31 mit 5 Wohneinheiten \u2013 befinden sich an einer Hanglage, unterhalb eines zu den jeweiligen Parzellen geh\u00f6renden Waldst\u00fccks mit West-Aussicht auf Binningen.\r\nDie Erschliessung der Etagenwohnungen erfolgt ebenerdig vom Waldeckweg aus. Strassenseitig (Westen) sind den Geb\u00e4uden Balkon- bzw. Wintergartenzonen vorgelagert. Dank der versetzten Anordnung der Winterg\u00e4rten verf\u00fcgen alle Wohnungen \u00fcber Balkone oder Sitzpl\u00e4tze. Es entsteht ein Wechselspiel verschiedener Geb\u00e4udetiefen, das Spannung in die Fassade bringt. An den n\u00f6rdlichen und s\u00fcdlichen Geb\u00e4udeseiten wurden durch die Nutzung der Dachfl\u00e4chen von Eingangsbereich und Einstellhalle zus\u00e4tzliche Sitzpl\u00e4tze geschaffen.\r\nDie Konstruktion der beiden Geb\u00e4ude besteht \u00fcberwiegend aus Beton und Mauerwerk. Um den Ausbauw\u00fcnschen der Bewohner Rechnung zu tragen, wurden die nichttragenden Innenw\u00e4nde in Trockenbauweise gefertigt. Die \u00e4ussere Erscheinung der Geb\u00e4ude greift zwei Themen auf: Durch die Wahl von Naturstein als Fassadenmaterial in Kombination mit den Holzverkleidungen zwischen den Fenstern wird sowohl an den Strassennamen sowie an das durch die Parzelle selbst gegebene Thema \u00abWald\u00bb und \u00abNatur\u00bb angekn\u00fcpft. Grosse Fensterfronten, in denen sich das Umfeld spiegelt, schaffen lichte Innenr\u00e4ume.\r\nDie beiden Mehrfamilienh\u00e4user sind in Minergiebauweise mit erh\u00f6htem Ausbaustandard errichtet. Die Materialien und Farben des Innenausbaus wurden zusammen mit den Bewohnern der einzelnen Wohneinheiten festgelegt und die Farbgebung von W\u00e4nden, Fenstern, Boden- und M\u00f6belmaterialen sowie die Verlegemuster der Platten an Wand und Decke individuell f\u00fcr jede Wohnung entwickelt und aufeinander abgestimmt.","project-button-items":null,"project-location":"Waldeckweg 29+31, 4102 Binningen","project-bauthority":"Ferrara+Streule Kollektivgesellschaft","project-planning":"Ferrara Architekten AG","project-cmanagement":"Ferrara Architekten AG","project-videos-items":null},"_links":{"self":[{"href":"https:\/\/ferrara.foxcom.dev\/fest\/wp-json\/wp\/v2\/projekte\/394","targetHints":{"allow":["GET"]}}],"collection":[{"href":"https:\/\/ferrara.foxcom.dev\/fest\/wp-json\/wp\/v2\/projekte"}],"about":[{"href":"https:\/\/ferrara.foxcom.dev\/fest\/wp-json\/wp\/v2\/types\/projekte"}],"version-history":[{"count":3,"href":"https:\/\/ferrara.foxcom.dev\/fest\/wp-json\/wp\/v2\/projekte\/394\/revisions"}],"predecessor-version":[{"id":1100,"href":"https:\/\/ferrara.foxcom.dev\/fest\/wp-json\/wp\/v2\/projekte\/394\/revisions\/1100"}],"acf:attachment":[{"embeddable":true,"href":"https:\/\/ferrara.foxcom.dev\/fest\/wp-json\/wp\/v2\/media\/546"},{"embeddable":true,"href":"https:\/\/ferrara.foxcom.dev\/fest\/wp-json\/wp\/v2\/media\/526"},{"embeddable":true,"href":"https:\/\/ferrara.foxcom.dev\/fest\/wp-json\/wp\/v2\/media\/536"},{"embeddable":true,"href":"https:\/\/ferrara.foxcom.dev\/fest\/wp-json\/wp\/v2\/media\/532"},{"embeddable":true,"href":"https:\/\/ferrara.foxcom.dev\/fest\/wp-json\/wp\/v2\/media\/540"}],"wp:attachment":[{"href":"https:\/\/ferrara.foxcom.dev\/fest\/wp-json\/wp\/v2\/media?parent=394"}],"wp:term":[{"taxonomy":"epochen","embeddable":true,"href":"https:\/\/ferrara.foxcom.dev\/fest\/wp-json\/wp\/v2\/epochen?post=394"},{"taxonomy":"pstatus","embeddable":true,"href":"https:\/\/ferrara.foxcom.dev\/fest\/wp-json\/wp\/v2\/pstatus?post=394"},{"taxonomy":"typen","embeddable":true,"href":"https:\/\/ferrara.foxcom.dev\/fest\/wp-json\/wp\/v2\/typen?post=394"}],"curies":[{"name":"wp","href":"https:\/\/api.w.org\/{rel}","templated":true}]}}