{"id":1025,"date":"2026-01-20T15:51:29","date_gmt":"2026-01-20T14:51:29","guid":{"rendered":"https:\/\/ferrara.foxcom.dev\/fest\/?post_type=projekte&#038;p=1025"},"modified":"2026-02-06T08:18:47","modified_gmt":"2026-02-06T07:18:47","slug":"um-und-ausbau-mehrfamilienhaus-am-muensterplatz-9-4102-binningen","status":"publish","type":"projekte","link":"https:\/\/ferrara.foxcom.dev\/fest\/projekte\/um-und-ausbau-mehrfamilienhaus-am-muensterplatz-9-4102-binningen\/","title":{"rendered":"Um- und Ausbau 1 Mehrfamilienhaus am M\u00fcnsterplatz 9, 4102 Binningen"},"template":"","meta":{"_acf_changed":false,"inline_featured_image":false,"_links_to":"","_links_to_target":""},"epochen":[81],"pstatus":[3],"typen":[30,25],"class_list":["post-1025","projekte","type-projekte","status-publish","hentry","epochen-81","pstatus-fertiggestellt","typen-wohnen","typen-umbau-sanierung-anbau"],"acf":{"project-ov-img":981,"project-images":[973,979,1003,975,1011],"project-desc":"<strong>Um- und Ausbau eines Mehrfamilienhauses mit 6 modernen Mietwohnungen<\/strong>\r\n\r\nDas Geb\u00e4ude M\u00fcnsterplatz 9, 1895 erbaut, befindet sich inmitten Binningens zwischen der Hauptstrasse und der Baslerstrasse an einem kleinen Platz, umgeben von teils historischen Geb\u00e4uden (z.B. Kulturdenkmal ehem. Schulhaus M\u00fcnsterplatz 2), Bebauung aus dem 19. Jahrhundert, sowie dem Kronenmattsaal. Durch die Platzsituation mit nur einer Zufahrt und dem Standort \u00abin zweiter Reihe\u00bb ist trotz der zentralen Lage und der sehr guten \u00d6V-Anbindung eine ruhige Wohnsituation gew\u00e4hrleistet.\r\nDas bestehende Geb\u00e4ude vereinte unter einem Dach einen massiven Wohnteil mit drei Wohnungen und einen, in Fachwerkbauweise errichteten \u00d6konomieteil.\r\nGrosse Teile der Bausubstanz waren bauf\u00e4llig und alleine durch Sanierung nicht auf einen zeitgem\u00e4ssen Wohnstandard zu ert\u00fcchtigen, resp. in eine Wohnnutzung umzuwandeln.\r\nDaher wurde das Geb\u00e4ude bis auf die massiven Aussenmauern zur\u00fcckgebaut und in gleicher Kubatur und in gleicher Anmutung neu aufgebaut\/ mit neuen Bauteilen erg\u00e4nzt.\r\nGeschossigkeit, Trauf- und Firsth\u00f6he, Fassadenbild (Lochfassade) wurden ebenso wie die Stilelemente des Ursprungsbaus aufgenommen, so dass sich das umgestaltete Geb\u00e4ude sp\u00e4ter wie selbstverst\u00e4ndlich in die Umgebung einf\u00fcgt.\r\nSo blieb beispielsweise die Zweiteiligkeit des Bestandes durch Verwendung unterschiedlicher Fassadenmaterialien (Putz- und Holzfassade). Ablesbare Elemente wie Fensterl\u00e4den, Fenstergew\u00e4nde und Sockel sind \u00fcbernommen und teilweise modern interpretiert worden.\r\nAuch die Farbgestaltung orientierte sich am Bestand respektive an den umliegenden Geb\u00e4uden und historischen Vorbildern aus der Bauzeit des Ursprungsbaus.\r\nAls Erg\u00e4nzung wurde an der Ostfassade ein Balkon angebaut, welcher im Bereich der Holzfassade durch Klapp-Schiebel\u00e4den geschlossen werden kann. F\u00fcr die Erdgeschosswohnungen ergeben sich unter dem Balkon gedeckte Sitzpl\u00e4tze.\r\nDie zentrale Erschliessung des Geb\u00e4udes \u00fcber die Westseite wurde ebenfalls aus dem Bestand \u00fcbernommen.\r\nIm Innern des Geb\u00e4udes entstanden durch den Umbau sechs moderne Mietwohnungen. Die Wohnungen werden \u00fcber das zentrale Treppenhaus mit Lift erschlossen, die Galerien der Maisonettewohnungen sind \u00fcber interne Treppen erreichbar.\r\nS\u00e4mtliche Decken und Innenw\u00e4nde wurden neu erstellt, die belassenen Aussenwandbereiche sind thermisch ert\u00fcchtigt worden, so dass die heutigen Anforderungen an Schall- und W\u00e4rmeschutz erf\u00fcllt werden, aber auch ein moderner Wohnkomfort geboten werden kann. Jede Wohnung verf\u00fcgt \u00fcber einen gedeckten Sitzplatz, Balkon oder eine Loggia. Den Erdgeschosswohnungen sind zudem private Gartenbereiche zugeordnet.\r\n\r\n<strong>Firma Stamm: <\/strong><b><strong><a title=\"https:\/\/stamm-bau.ch\/referenzen\/new-reference-37\" href=\"https:\/\/stamm-bau.ch\/referenzen\/new-reference-37\" target=\"_blank\" rel=\"noopener\">Referenz M\u00fcnsterplatz<\/a><\/strong><\/b>","project-button-items":null,"project-location":"M\u00fcnsterplatz 9, 4102 Binningen","project-bauthority":"Ferrara+Streule Kollektivgesellschaft","project-planning":"Ferrara Architekten AG","project-cmanagement":"Ferrara Architekten AG","project-videos-items":null},"_links":{"self":[{"href":"https:\/\/ferrara.foxcom.dev\/fest\/wp-json\/wp\/v2\/projekte\/1025","targetHints":{"allow":["GET"]}}],"collection":[{"href":"https:\/\/ferrara.foxcom.dev\/fest\/wp-json\/wp\/v2\/projekte"}],"about":[{"href":"https:\/\/ferrara.foxcom.dev\/fest\/wp-json\/wp\/v2\/types\/projekte"}],"version-history":[{"count":3,"href":"https:\/\/ferrara.foxcom.dev\/fest\/wp-json\/wp\/v2\/projekte\/1025\/revisions"}],"predecessor-version":[{"id":1086,"href":"https:\/\/ferrara.foxcom.dev\/fest\/wp-json\/wp\/v2\/projekte\/1025\/revisions\/1086"}],"acf:attachment":[{"embeddable":true,"href":"https:\/\/ferrara.foxcom.dev\/fest\/wp-json\/wp\/v2\/media\/1011"},{"embeddable":true,"href":"https:\/\/ferrara.foxcom.dev\/fest\/wp-json\/wp\/v2\/media\/975"},{"embeddable":true,"href":"https:\/\/ferrara.foxcom.dev\/fest\/wp-json\/wp\/v2\/media\/1003"},{"embeddable":true,"href":"https:\/\/ferrara.foxcom.dev\/fest\/wp-json\/wp\/v2\/media\/979"},{"embeddable":true,"href":"https:\/\/ferrara.foxcom.dev\/fest\/wp-json\/wp\/v2\/media\/973"}],"wp:attachment":[{"href":"https:\/\/ferrara.foxcom.dev\/fest\/wp-json\/wp\/v2\/media?parent=1025"}],"wp:term":[{"taxonomy":"epochen","embeddable":true,"href":"https:\/\/ferrara.foxcom.dev\/fest\/wp-json\/wp\/v2\/epochen?post=1025"},{"taxonomy":"pstatus","embeddable":true,"href":"https:\/\/ferrara.foxcom.dev\/fest\/wp-json\/wp\/v2\/pstatus?post=1025"},{"taxonomy":"typen","embeddable":true,"href":"https:\/\/ferrara.foxcom.dev\/fest\/wp-json\/wp\/v2\/typen?post=1025"}],"curies":[{"name":"wp","href":"https:\/\/api.w.org\/{rel}","templated":true}]}}