{"id":524,"date":"2025-11-22T07:54:14","date_gmt":"2025-11-22T06:54:14","guid":{"rendered":"https:\/\/ferrara.foxcom.dev\/fein\/?post_type=projekte&#038;p=524"},"modified":"2026-02-12T11:00:20","modified_gmt":"2026-02-12T10:00:20","slug":"grosszuegige-eigentumswohnungen-am-waldrand-am-binzenweg-24-4102-binningen","status":"publish","type":"projekte","link":"https:\/\/ferrara.foxcom.dev\/fein\/projekte\/grosszuegige-eigentumswohnungen-am-waldrand-am-binzenweg-24-4102-binningen\/","title":{"rendered":"Grossz\u00fcgige Eigentumswohnungen am Waldrand am Binzenweg 24, 4102 Binningen"},"template":"","meta":{"_acf_changed":false,"inline_featured_image":false,"_links_to":"","_links_to_target":""},"epochen":[87],"pstatus":[7],"typen":[42,21,30,20],"class_list":["post-524","projekte","type-projekte","status-publish","hentry","epochen-87","pstatus-fertiggestellt","typen-eigentumswohnungen","typen-wohnen","typen-einrichtungen","typen-neubau"],"acf":{"project-ov-img":518,"project-ov-img_kopieren":null,"project-images":[521,522,520,519,517,516,515,514],"project-desc":"<strong>Neubau 1 Mehrfamilienhaus mit 5 grossz\u00fcgigen Eigentumswohnungen am Waldrand<\/strong>\r\n\r\nDie Bauparzelle befindet sich am \u00f6stlichen Ortsrand von Binningen, direkt am grundst\u00fcckseigenen Waldrand. Die Erschliessung der vier Wohnungen erfolgt ebenerdig vom Binzenweg aus. Die erforderlichen Stellpl\u00e4tze f\u00fcr Bewohner und Besucher sind vor dem Neubau angeordnet. Auch f\u00fcr Velos ist im Aussenbereich sowie im Velokeller gen\u00fcgend Abstellfl\u00e4che verhanden.\r\nStrassenseitig sind vorwiegend Schlafr\u00e4ume sowie einzelne Zimmer angeordnet.\r\nRichtung S\u00fcd-Westen \u00f6ffnet sich der Grundriss und bietet einem hellen, offenen Bereich f\u00fcr Wohnen, Essen und Kochen Platz. Durch Vorspr\u00fcnge in der Fassade entstanden spannende Wohnr\u00e4ume mit \u00fcberdachten und windgesch\u00fctzten Sitzpl\u00e4tzen oder Balkonen.\r\nDie Konstruktion des Geb\u00e4udes besteht \u00fcberwiegend aus Beton und Mauerwerk. Um den Ausbauw\u00fcnschen der Bewohner Rechnung zu tragen, wurden nichttragende Innenw\u00e4nde in Trockenbauweise ausgef\u00fchrt.\r\nDie Farbgebung von W\u00e4nden, Fenstern, Boden- und M\u00f6belmaterialien sowie die Verlegemuster der Platten an Wand und Decke wurden individuell pro Wohnung entwickelt und aufeinander abgestimmt.","project-button-items":null,"project-location":"Binzenweg 24, 4102 Binningen","project-bauthority":"Ferrara+Streule Kollektivgesellschaft","project-planning":"Ferrara Architekten AG","project-cmanagement":"Ferrara Architekten AG","project-videos-items":null},"_links":{"self":[{"href":"https:\/\/ferrara.foxcom.dev\/fein\/wp-json\/wp\/v2\/projekte\/524","targetHints":{"allow":["GET"]}}],"collection":[{"href":"https:\/\/ferrara.foxcom.dev\/fein\/wp-json\/wp\/v2\/projekte"}],"about":[{"href":"https:\/\/ferrara.foxcom.dev\/fein\/wp-json\/wp\/v2\/types\/projekte"}],"version-history":[{"count":5,"href":"https:\/\/ferrara.foxcom.dev\/fein\/wp-json\/wp\/v2\/projekte\/524\/revisions"}],"predecessor-version":[{"id":955,"href":"https:\/\/ferrara.foxcom.dev\/fein\/wp-json\/wp\/v2\/projekte\/524\/revisions\/955"}],"acf:attachment":[{"embeddable":true,"href":"https:\/\/ferrara.foxcom.dev\/fein\/wp-json\/wp\/v2\/media\/514"},{"embeddable":true,"href":"https:\/\/ferrara.foxcom.dev\/fein\/wp-json\/wp\/v2\/media\/515"},{"embeddable":true,"href":"https:\/\/ferrara.foxcom.dev\/fein\/wp-json\/wp\/v2\/media\/516"},{"embeddable":true,"href":"https:\/\/ferrara.foxcom.dev\/fein\/wp-json\/wp\/v2\/media\/517"},{"embeddable":true,"href":"https:\/\/ferrara.foxcom.dev\/fein\/wp-json\/wp\/v2\/media\/519"},{"embeddable":true,"href":"https:\/\/ferrara.foxcom.dev\/fein\/wp-json\/wp\/v2\/media\/520"},{"embeddable":true,"href":"https:\/\/ferrara.foxcom.dev\/fein\/wp-json\/wp\/v2\/media\/522"},{"embeddable":true,"href":"https:\/\/ferrara.foxcom.dev\/fein\/wp-json\/wp\/v2\/media\/521"}],"wp:attachment":[{"href":"https:\/\/ferrara.foxcom.dev\/fein\/wp-json\/wp\/v2\/media?parent=524"}],"wp:term":[{"taxonomy":"epochen","embeddable":true,"href":"https:\/\/ferrara.foxcom.dev\/fein\/wp-json\/wp\/v2\/epochen?post=524"},{"taxonomy":"pstatus","embeddable":true,"href":"https:\/\/ferrara.foxcom.dev\/fein\/wp-json\/wp\/v2\/pstatus?post=524"},{"taxonomy":"typen","embeddable":true,"href":"https:\/\/ferrara.foxcom.dev\/fein\/wp-json\/wp\/v2\/typen?post=524"}],"curies":[{"name":"wp","href":"https:\/\/api.w.org\/{rel}","templated":true}]}}